{"id":127,"date":"2014-09-20T18:23:29","date_gmt":"2014-09-20T16:23:29","guid":{"rendered":"http:\/\/www.conserto.de\/_CO\/wp\/?page_id=127"},"modified":"2025-05-19T08:27:23","modified_gmt":"2025-05-19T06:27:23","slug":"127-2","status":"publish","type":"page","link":"http:\/\/www.conserto.de\/_CO\/wp\/","title":{"rendered":""},"content":{"rendered":"<p>Der Name CONSERTO steht seit 25 Jahren f\u00fcr die F\u00f6rderung von Innovation und kongruentem Wachstum. Sei es auf der pers\u00f6nlichen, organisatorischen, unternehmerischen oder der Prozess- und IT-Ebene.<\/p>\n<p><em>\u201eWir f\u00f6rdern Menschen, Organisationen und Technologien, in Zeiten st\u00e4ndiger Ver\u00e4nderungen und Herausforderungen den eigenen aktuellen Standort besser zu verstehen. Und dabei, den jeweils ganz eigenen weiteren Weg klarer zu sehen und erfolgreich zu gehen. Innovation, Sinnorientierung und Nachhaltigkeit sind dabei wesentliche Grundlagen und Ziele unserer Arbeit\u201c<br \/>\n<strong>(Mission der CONSERTO, Auszug)<\/strong><\/em><\/p>\n<p>Auf jeweils ganz eigene Art arbeiten wir auf verschiedenen Innovationsfeldern f\u00fcr dieses eine Ziel. Es bindet alle Aktivit\u00e4tsfelder \u00fcber die thematisch-inhaltlichen Unterschiede hinaus in eine einheitliche &#8222;Unternehmenskultur&#8220; ein.<\/p>\n<h3>Unsere Aktivit\u00e4tsfelder<\/h3>\n<p><strong>Conserto<\/strong><strong> Solutions<br \/>\n<\/strong>Kongruentes Wachstum f\u00fcr Unternehmen und Organisationen &#8211; von der strategischen Analyse \u00fcber Gesch\u00e4ftsmodelle und Prozesse bis hin zu den Strukturen<\/p>\n<p><strong>Conserto Nedik BI<br \/>\n<\/strong>Self-Service-Business-Intelligence-L\u00f6sungen f\u00fcr ihre Planungs-, Entscheidungs- und Steuerungsprozesse. Ein Gemeinschaftsprojekt mit der Controlligent Kft<\/p>\n<p><strong>Conserto Coaching<br \/>\n<\/strong>Kongruentes Wachstum f\u00fcr Einzelne und Teams. Im Einzelnen und in seinem unmittel-baren Zusammenwirken mit anderen liegt h\u00f6chste Wirkmacht &#8211; wenn man die Sch\u00e4tze zu heben wei\u00df<\/p>\n<p><strong>Conserto<\/strong> <strong>Krafthaus<br \/>\n<\/strong>Innovative Angebote zur sinnzentrierten Pers\u00f6nlichkeitsentwicklung. Hier wird&#8217;s ganz wortw\u00f6rtlich &#8222;pers\u00f6nlich&#8220;: Es geht um Entwicklung und St\u00e4rkung der &#8222;Person&#8220; &#8211; verstanden als das, was uns im Kern tats\u00e4chlich ausmacht<\/p>\n<p>Auf den weiteren Seiten finden Sie weitergehende Informationen zu diesen Aktivit\u00e4tsfelder &#8211; und zur grunds\u00e4tzlichen Philosophie und Organisation der Conserto. Nicht zuletzt auch zu den M\u00f6glichkeiten f\u00fcr Sie pers\u00f6nlich, sich in unsere spannenden Themen aktiv einzubringen.<\/p>\n<p>Und damit w\u00fcnschen wir &#8211; d.h. alle, die in und f\u00fcr CONSERTO t\u00e4tig sind &#8211; viel Spa\u00df und gute Erkenntnisse beim Lesen &#8230;<\/p>\n<p><strong>Ad astra &#8211; Frontiers are fantasy !<br \/>\n<\/strong><\/p>\n<p><em><strong>\u00a9<\/strong><strong> CONSERTO GmbH 2025<\/strong><\/em><\/p>\n","protected":false},"excerpt":{"rendered":"<p>Der Name CONSERTO steht seit 25 Jahren f\u00fcr die F\u00f6rderung von Innovation und kongruentem Wachstum. Sei es auf der pers\u00f6nlichen, organisatorischen, unternehmerischen oder der Prozess- und IT-Ebene. \u201eWir f\u00f6rdern Menschen, Organisationen und Technologien, in Zeiten st\u00e4ndiger Ver\u00e4nderungen und Herausforderungen den eigenen aktuellen Standort besser zu verstehen. Und dabei, den jeweils ganz eigenen weiteren Weg klarer [&hellip;]<\/p>\n","protected":false},"author":1,"featured_media":0,"parent":0,"menu_order":0,"comment_status":"open","ping_status":"open","template":"page-templates\/front-page.php","meta":[],"_links":{"self":[{"href":"http:\/\/www.conserto.de\/_CO\/wp\/index.php?rest_route=\/wp\/v2\/pages\/127"}],"collection":[{"href":"http:\/\/www.conserto.de\/_CO\/wp\/index.php?rest_route=\/wp\/v2\/pages"}],"about":[{"href":"http:\/\/www.conserto.de\/_CO\/wp\/index.php?rest_route=\/wp\/v2\/types\/page"}],"author":[{"embeddable":true,"href":"http:\/\/www.conserto.de\/_CO\/wp\/index.php?rest_route=\/wp\/v2\/users\/1"}],"replies":[{"embeddable":true,"href":"http:\/\/www.conserto.de\/_CO\/wp\/index.php?rest_route=%2Fwp%2Fv2%2Fcomments&post=127"}],"version-history":[{"count":27,"href":"http:\/\/www.conserto.de\/_CO\/wp\/index.php?rest_route=\/wp\/v2\/pages\/127\/revisions"}],"predecessor-version":[{"id":382,"href":"http:\/\/www.conserto.de\/_CO\/wp\/index.php?rest_route=\/wp\/v2\/pages\/127\/revisions\/382"}],"wp:attachment":[{"href":"http:\/\/www.conserto.de\/_CO\/wp\/index.php?rest_route=%2Fwp%2Fv2%2Fmedia&parent=127"}],"curies":[{"name":"wp","href":"https:\/\/api.w.org\/{rel}","templated":true}]}}